{"id":39,"date":"2026-05-15T21:16:37","date_gmt":"2026-05-15T21:16:37","guid":{"rendered":"https:\/\/acbigaylesbadalona.es\/?p=30"},"modified":"2026-05-15T21:16:37","modified_gmt":"2026-05-15T21:16:37","slug":"history","status":"publish","type":"page","link":"https:\/\/acbigaylesbadalona.es\/?page_id=39","title":{"rendered":"history"},"content":{"rendered":"<pre>{\n  &quot;title&quot;: &quot;La nostra&quot;,\n  &quot;accent&quot;: &quot;lluita i hist\u00f2ria&quot;,\n  &quot;subtitle&quot;: &quot;Des de la transici\u00f3 fins avui, constru\u00efm un present millor sobre l'esfor\u00e7 de les que van venir abans.&quot;,\n  &quot;quote&quot;: &quot;La mem\u00f2ria \u00e9s el fonament de la identitat. Recordar \u00e9s un acte de resist\u00e8ncia.&quot;,\n  &quot;milestones&quot;: [\n    {\n      &quot;year&quot;: &quot;1977&quot;,\n      &quot;title&quot;: &quot;Les primeres manifestacions LGBTQ+&quot;,\n      &quot;description&quot;: &quot;A Barcelona, les primeres manifestacions surten al carrer.&quot;,\n      &quot;tag&quot;: &quot;Hist\u00f2ria&quot;,\n      &quot;image_url&quot;: &quot;https:\/\/base44.app\/api\/apps\/699ae047bb8e06543e0324cb\/files\/mp\/public\/699ae047bb8e06543e0324cb\/22b7462df_1977.jpg&quot;\n    },\n    {\n      &quot;year&quot;: &quot;2005&quot;,\n      &quot;title&quot;: &quot;Matrimoni igualitari&quot;,\n      &quot;description&quot;: &quot;El 3 de juliol es va aprobar el matrimoni igualitari a espanya&quot;,\n      &quot;tag&quot;: &quot;LLei&quot;,\n      &quot;image_url&quot;: &quot;https:\/\/base44.app\/api\/apps\/699ae047bb8e06543e0324cb\/files\/mp\/public\/699ae047bb8e06543e0324cb\/ac565a6d4_Congreso-tras-aprobacion-matrimonio-en-2005-Foto-Inma-Mesa.jpg&quot;\n    },\n    {\n      &quot;year&quot;: &quot;2007&quot;,\n      &quot;title&quot;: &quot;Neix Ac Bigayles&quot;,\n      &quot;description&quot;: &quot;Fundaci\u00f3 de l'associaci\u00f3 Ac Bigayles.&quot;,\n      &quot;tag&quot;: &quot;Fundaci\u00f3&quot;,\n      &quot;image_url&quot;: &quot;https:\/\/base44.app\/api\/apps\/699ae047bb8e06543e0324cb\/files\/mp\/public\/699ae047bb8e06543e0324cb\/7a7829e30_bigaylesmadre.jpeg&quot;\n    },\n    {\n      &quot;year&quot;: &quot;2007&quot;,\n      &quot;title&quot;: &quot;Ley de Identidad de G\u00e9nero&quot;,\n      &quot;description&quot;: &quot;Les persones trans poden canviar nom i sexe legal sense necessitat de cirurgia, tot i que encara s'exigien diagn\u00f2stics m\u00e8dics.&quot;,\n      &quot;tag&quot;: &quot;Historia&quot;,\n      &quot;image_url&quot;: &quot;https:\/\/base44.app\/api\/apps\/699ae047bb8e06543e0324cb\/files\/mp\/public\/699ae047bb8e06543e0324cb\/23885a826_felconfidencialcom_original_4f4_234_d69_4f4234d69ae71eeeb3282b1ca0114b46.jpg&quot;\n    },\n    {\n      &quot;year&quot;: &quot;2009&quot;,\n      &quot;title&quot;: &quot;Pride Barcelona&quot;,\n      &quot;description&quot;: &quot;Primer Pride a la ciutat comptal el juny del 2009&quot;,\n      &quot;tag&quot;: &quot;Reivindicaci\u00f2&quot;,\n      &quot;image_url&quot;: &quot;https:\/\/base44.app\/api\/apps\/699ae047bb8e06543e0324cb\/files\/mp\/public\/699ae047bb8e06543e0324cb\/683f49e77_PRIDE-BCN-THE-GUIDE-600x808.jpg&quot;\n    },\n    {\n      &quot;year&quot;: &quot;2009&quot;,\n      &quot;title&quot;: &quot;Liberty festival&quot;,\n      &quot;description&quot;: &quot;Primer festival lgtbi a Barcelona contra l'homofobia. El 23 de maig&quot;,\n      &quot;tag&quot;: &quot;Festival&quot;,\n      &quot;image_url&quot;: &quot;https:\/\/base44.app\/api\/apps\/699ae047bb8e06543e0324cb\/files\/mp\/public\/699ae047bb8e06543e0324cb\/51bfaa9f4_2009.jpg&quot;\n    },\n    {\n      &quot;year&quot;: &quot;2023&quot;,\n      &quot;title&quot;: &quot;Ley Trans y Ley LGTBI estatal&quot;,\n      &quot;description&quot;: &quot;S'aprova l'autodeterminaci\u00f3 de g\u00e8nere des dels 16 anys sense necessitat d\u201finformes m\u00e8dics ni hormonaci\u00f3 obligat\u00f2ria. Tamb\u00e9 es prohibeixen les ter\u00e0pies de conversi\u00f3. Va ser un dels debats socials m\u00e9s intensos del feminisme i del moviment queer espanyol recent.&quot;,\n      &quot;tag&quot;: &quot;Historia&quot;,\n      &quot;image_url&quot;: &quot;https:\/\/base44.app\/api\/apps\/699ae047bb8e06543e0324cb\/files\/mp\/public\/699ae047bb8e06543e0324cb\/d22bd478d_trans_congreso.jpg&quot;\n    },\n    {\n      &quot;year&quot;: &quot;2026&quot;,\n      &quot;title&quot;: &quot;Ac BiGayLes Badalona&quot;,\n      &quot;description&quot;: &quot;Obertura de la delegaci\u00f2 de badalona&quot;,\n      &quot;tag&quot;: &quot;fundacio&quot;,\n      &quot;image_url&quot;: &quot;https:\/\/base44.app\/api\/apps\/699ae047bb8e06543e0324cb\/files\/mp\/public\/699ae047bb8e06543e0324cb\/4f01dec47_AcBigaylesBadalona.jpeg&quot;\n    }\n  ]\n}<\/pre>\n","protected":false},"excerpt":{"rendered":"<p>{ &quot;title&quot;: &quot;La nostra&quot;, &quot;accent&quot;: &quot;lluita i hist\u00f2ria&quot;, &quot;subtitle&quot;: &quot;Des de la transici\u00f3 fins avui, constru\u00efm un present millor sobre l&#8217;esfor\u00e7 de les que van venir abans.&quot;, &quot;quote&quot;: &quot;La mem\u00f2ria \u00e9s el fonament de la identitat. Recordar \u00e9s un acte de resist\u00e8ncia.&quot;, &quot;milestones&quot;: [ { &quot;year&quot;: &quot;1977&quot;, &quot;title&quot;: &quot;Les primeres manifestacions LGBTQ+&quot;, &quot;description&quot;: &quot;A Barcelona, [&hellip;]<\/p>\n","protected":false},"author":3,"featured_media":0,"parent":0,"menu_order":0,"comment_status":"open","ping_status":"open","template":"","meta":{"footnotes":""},"class_list":["post-39","page","type-page","status-publish","hentry"],"_links":{"self":[{"href":"https:\/\/acbigaylesbadalona.es\/index.php?rest_route=\/wp\/v2\/pages\/39","targetHints":{"allow":["GET"]}}],"collection":[{"href":"https:\/\/acbigaylesbadalona.es\/index.php?rest_route=\/wp\/v2\/pages"}],"about":[{"href":"https:\/\/acbigaylesbadalona.es\/index.php?rest_route=\/wp\/v2\/types\/page"}],"author":[{"embeddable":true,"href":"https:\/\/acbigaylesbadalona.es\/index.php?rest_route=\/wp\/v2\/users\/3"}],"replies":[{"embeddable":true,"href":"https:\/\/acbigaylesbadalona.es\/index.php?rest_route=%2Fwp%2Fv2%2Fcomments&post=39"}],"version-history":[{"count":0,"href":"https:\/\/acbigaylesbadalona.es\/index.php?rest_route=\/wp\/v2\/pages\/39\/revisions"}],"wp:attachment":[{"href":"https:\/\/acbigaylesbadalona.es\/index.php?rest_route=%2Fwp%2Fv2%2Fmedia&parent=39"}],"curies":[{"name":"wp","href":"https:\/\/api.w.org\/{rel}","templated":true}]}}